{"id":2599,"date":"2017-03-19T00:00:00","date_gmt":"2017-03-18T23:00:00","guid":{"rendered":"https:\/\/abilica.com\/se\/produkt\/abilica-weightvest-flexi\/"},"modified":"2025-11-20T09:14:43","modified_gmt":"2025-11-20T08:14:43","slug":"abilica-weightvest-flexi","status":"publish","type":"product","link":"https:\/\/abilica.com\/sv\/styrka\/viktvast\/abilica-weightvest-flexi\/","title":{"rendered":"Abilica WeightVest Flexi"},"content":{"rendered":"<div class=\"wpb-content-wrapper\"><p>[vc_row][vc_column][vc_column_text css=&#8221;&#8221; el_class=&#8221;product-video&#8221;]<\/p>\n<p class=\"p1\"><strong>Justerbar viktv\u00e4st fr\u00e5n 1,25 till 10 kg \u2013 perfekt f\u00f6r b\u00e5de styrketr\u00e4ning, kondition och promenader.<\/strong><\/p>\n<p class=\"p1\">V\u00e4sten har 2 praktiska fickor upptill f\u00f6r f\u00f6rvaring av sm\u00e5saker som nycklar, pengar osv. De 2 kraftiga, 5 cm breda sp\u00e4nnena ger mycket goda justeringsm\u00f6jligheter och s\u00e4kerst\u00e4ller att v\u00e4sten sitter t\u00e4tt och stabilt mot kroppen. Materialen \u00e4r slitstarka men samtidigt mjuka och bekv\u00e4ma, med bland annat luftigt n\u00e4tmaterial som ger bra ventilation under hela tr\u00e4ningspasset. Extra vaddering p\u00e5 axlarna ger \u00f6kad komfort, \u00e4ven vid st\u00f6rre r\u00f6relser eller l\u00e4ngre pass.<\/p>\n<p class=\"p1\">V\u00e4sten \u00e4r designad med genomt\u00e4nkta detaljer och reflex b\u00e5de fram och bak, vilket g\u00f6r den s\u00e4ker att anv\u00e4nda \u00e4ven utomhus i m\u00f6rker.<\/p>\n<p class=\"p1\">Abilica WeightVest Flexi har totalt 8 viktp\u00e5sar i nylon, fyllda med j\u00e4rnsand. Viktp\u00e5sarna (1,15 kg vardera) kan enkelt tas i och ur genom dragkedjefickorna och \u00e4r j\u00e4mnt f\u00f6rdelade med 4 fram och 4 bak. V\u00e4sten kan handtv\u00e4ttas n\u00e4r viktp\u00e5sarna \u00e4r borttagna. Max midjeomf\u00e5ng ca 130 cm g\u00f6r att den passar de flesta.<\/p>\n<p class=\"p3\"><b>Varf\u00f6r viktp\u00e5sar med j\u00e4rnsand?<br \/>\n<\/b><b><\/b>Mjuka och flexibla p\u00e5sar som formar sig efter kroppen f\u00f6r b\u00e4ttre komfort. Ger st\u00f6rre r\u00f6rlighet under dynamiska \u00f6vningar som l\u00f6pning, kn\u00e4b\u00f6j och armh\u00e4vningar. Begr\u00e4nsar inte r\u00f6relsebanan s\u00e5 som stela vikter kan g\u00f6ra.<\/p>\n<p class=\"p3\"><b>Specifikationer<br \/>\n<\/b><b><\/b>M\u00e5tt: 54 \u00d7 42 cm (L \u00d7 B), m\u00e4tt platt<br \/>\n2 st. breda, justerbara magremmar<br \/>\nDragkedja i fronten g\u00f6r den enkel att ta av och p\u00e5<br \/>\nExtra vaddering och f\u00f6rst\u00e4rkning p\u00e5 axlarna f\u00f6r b\u00e4ttre komfort<br \/>\n8 viktp\u00e5sar \u00e0 1,15 kg<br \/>\nViktp\u00e5sar fyllda med j\u00e4rnsand<br \/>\nMjuka och behagliga material<br \/>\nSitter t\u00e4tt och stabilt mot kroppen<br \/>\nMed reflex fram och bak \u2013 kan anv\u00e4ndas ute i m\u00f6rker<br \/>\n2 st. praktiska fickor med dragkedja i fronten<\/p>\n<div style=\"width: 640px;\" class=\"wp-video\"><!--[if lt IE 9]><script>document.createElement('video');<\/script><![endif]-->\n<video class=\"wp-video-shortcode\" id=\"video-2599-1\" width=\"640\" height=\"360\" poster=\"https:\/\/abilica.com\/se\/wp-content\/uploads\/2015\/07\/Screenshot-2021-01-25-at-13.20.14.png\" preload=\"metadata\" controls=\"controls\"><source type=\"video\/mp4\" src=\"https:\/\/abilica.com\/se\/wp-content\/uploads\/2021\/01\/WeightVest.mp4?_=1\" \/><a href=\"https:\/\/abilica.com\/se\/wp-content\/uploads\/2021\/01\/WeightVest.mp4\">https:\/\/abilica.com\/se\/wp-content\/uploads\/2021\/01\/WeightVest.mp4<\/a><\/video><\/div>\n<p>[\/vc_column_text][vc_empty_space height=&#8221;52px&#8221;][\/vc_column][\/vc_row][vc_row][vc_column][vc_column_text]<\/p>\n<p>[\/vc_column_text][\/vc_column][\/vc_row][vc_row][vc_column width=&#8221;1\/3&#8243;][vc_btn title=&#8221;Tr\u00e4ningsprogram&#8221; style=&#8221;flat&#8221; color=&#8221;black&#8221; align=&#8221;center&#8221; i_icon_fontawesome=&#8221;fa fa-file-pdf-o&#8221; add_icon=&#8221;true&#8221; link=&#8221;url:http%3A%2F%2Fabilica.com\/se%2Fwp-content%2Fuploads%2F2017%2F02%2F160412-HSH-WeightVest-Flexi_yellow_Nett.pdf||target:%20_blank|&#8221;][\/vc_column][vc_column width=&#8221;1\/3&#8243;][vc_btn title=&#8221;Tr\u00e4ningstips&#8221; style=&#8221;flat&#8221; color=&#8221;black&#8221; align=&#8221;center&#8221; i_icon_fontawesome=&#8221;fa fa-align-left&#8221; add_icon=&#8221;true&#8221; link=&#8221;url:http%3A%2F%2Fwww.hemmatraningsbloggen.se%2Fstyrka%2Fovningar-med-viktvast%2F||target:%20_blank|&#8221;][\/vc_column][vc_column width=&#8221;1\/3&#8243;][vc_btn title=&#8221;Tr\u00e4ningsfilmer&#8221; style=&#8221;flat&#8221; color=&#8221;black&#8221; align=&#8221;center&#8221; i_icon_fontawesome=&#8221;fa fa-youtube&#8221; add_icon=&#8221;true&#8221; link=&#8221;url:https%3A%2F%2Fwww.youtube.com%2Fwatch%3Fv%3DH_dBjmjNxKc%26list%3DPLQHQh8gb5L2Z6RtshD1b6P70-FMYpC9ba||target:%20_blank|&#8221;][\/vc_column][\/vc_row]<\/p>\n<\/div>","protected":false},"excerpt":{"rendered":"<p>[vc_row][vc_column][vc_column_text css=&#8221;&#8221; el_class=&#8221;product-video&#8221;] Justerbar viktv\u00e4st fr\u00e5n 1,25 till 10 kg \u2013 perfekt f\u00f6r b\u00e5de styrketr\u00e4ning,&#8230;<\/p>\n","protected":false},"featured_media":70414,"template":"","meta":{"_acf_changed":false},"product_brand":[],"product_cat":[471,495],"product_tag":[180,31,33,182,95,49,34,179],"class_list":{"0":"post-2599","1":"product","2":"type-product","3":"status-publish","4":"has-post-thumbnail","6":"product_cat-styrka","7":"product_cat-viktvast","8":"product_tag-athlete","9":"product_tag-circle","10":"product_tag-crossfit","11":"product_tag-garage-gym","12":"product_tag-nyheter","13":"product_tag-premium","14":"product_tag-styrka","15":"product_tag-summer-workout","17":"first","18":"instock","19":"product-type-simple"},"acf":[],"yoast_head":"<!-- This site is optimized with the Yoast SEO Premium plugin v21.1 (Yoast SEO v25.4) - https:\/\/yoast.com\/wordpress\/plugins\/seo\/ -->\n<title>Abilica WeightVest Flexi Abilica<\/title>\n<meta name=\"robots\" content=\"index, follow, max-snippet:-1, max-image-preview:large, max-video-preview:-1\" \/>\n<link rel=\"canonical\" href=\"https:\/\/abilica.com\/sv\/styrka\/viktvast\/abilica-weightvest-flexi\/\" \/>\n<meta property=\"og:locale\" content=\"sv_SE\" \/>\n<meta property=\"og:type\" content=\"article\" \/>\n<meta property=\"og:title\" content=\"Abilica WeightVest Flexi\" \/>\n<meta property=\"og:description\" content=\"[vc_row][vc_column][vc_column_text css=&#8221;&#8221; el_class=&#8221;product-video&#8221;] Justerbar viktv\u00e4st fr\u00e5n 1,25 till 10 kg \u2013 perfekt f\u00f6r b\u00e5de styrketr\u00e4ning,...\" \/>\n<meta property=\"og:url\" content=\"https:\/\/abilica.com\/sv\/styrka\/viktvast\/abilica-weightvest-flexi\/\" \/>\n<meta property=\"og:site_name\" content=\"Abilica\" \/>\n<meta property=\"article:publisher\" content=\"https:\/\/www.facebook.com\/abilicahometraining\/\" \/>\n<meta property=\"article:modified_time\" content=\"2025-11-20T08:14:43+00:00\" \/>\n<meta property=\"og:image\" content=\"https:\/\/abilica.com\/wp-content\/uploads\/2023\/10\/3005210_1-1.jpg\" \/>\n\t<meta property=\"og:image:width\" content=\"1200\" \/>\n\t<meta property=\"og:image:height\" content=\"1200\" \/>\n\t<meta property=\"og:image:type\" content=\"image\/jpeg\" \/>\n<meta name=\"twitter:card\" content=\"summary_large_image\" \/>\n<meta name=\"twitter:label1\" content=\"Ber\u00e4knad l\u00e4stid\" \/>\n\t<meta name=\"twitter:data1\" content=\"3 minuter\" \/>\n<script type=\"application\/ld+json\" class=\"yoast-schema-graph\">{\"@context\":\"https:\/\/schema.org\",\"@graph\":[{\"@type\":\"WebPage\",\"@id\":\"https:\/\/abilica.com\/sv\/styrka\/viktvast\/abilica-weightvest-flexi\/\",\"url\":\"https:\/\/abilica.com\/sv\/styrka\/viktvast\/abilica-weightvest-flexi\/\",\"name\":\"Abilica WeightVest Flexi Abilica\",\"isPartOf\":{\"@id\":\"https:\/\/abilica.com\/#website\"},\"primaryImageOfPage\":{\"@id\":\"https:\/\/abilica.com\/sv\/styrka\/viktvast\/abilica-weightvest-flexi\/#primaryimage\"},\"image\":{\"@id\":\"https:\/\/abilica.com\/sv\/styrka\/viktvast\/abilica-weightvest-flexi\/#primaryimage\"},\"thumbnailUrl\":\"https:\/\/abilica.com\/wp-content\/uploads\/2023\/10\/3005210_1-1.jpg\",\"datePublished\":\"2017-03-18T23:00:00+00:00\",\"dateModified\":\"2025-11-20T08:14:43+00:00\",\"breadcrumb\":{\"@id\":\"https:\/\/abilica.com\/sv\/styrka\/viktvast\/abilica-weightvest-flexi\/#breadcrumb\"},\"inLanguage\":\"sv-SE\",\"potentialAction\":[{\"@type\":\"ReadAction\",\"target\":[\"https:\/\/abilica.com\/sv\/styrka\/viktvast\/abilica-weightvest-flexi\/\"]}]},{\"@type\":\"ImageObject\",\"inLanguage\":\"sv-SE\",\"@id\":\"https:\/\/abilica.com\/sv\/styrka\/viktvast\/abilica-weightvest-flexi\/#primaryimage\",\"url\":\"https:\/\/abilica.com\/wp-content\/uploads\/2023\/10\/3005210_1-1.jpg\",\"contentUrl\":\"https:\/\/abilica.com\/wp-content\/uploads\/2023\/10\/3005210_1-1.jpg\",\"width\":1200,\"height\":1200},{\"@type\":\"BreadcrumbList\",\"@id\":\"https:\/\/abilica.com\/sv\/styrka\/viktvast\/abilica-weightvest-flexi\/#breadcrumb\",\"itemListElement\":[{\"@type\":\"ListItem\",\"position\":1,\"name\":\"Hem\",\"item\":\"https:\/\/abilica.com\/sv\/\"},{\"@type\":\"ListItem\",\"position\":2,\"name\":\"Produkter\",\"item\":\"https:\/\/abilica.com\/sv\/shop\/\"},{\"@type\":\"ListItem\",\"position\":3,\"name\":\"Abilica WeightVest Flexi\"}]},{\"@type\":\"WebSite\",\"@id\":\"https:\/\/abilica.com\/#website\",\"url\":\"https:\/\/abilica.com\/\",\"name\":\"Abilica\",\"description\":\"Abilica Home Training\",\"potentialAction\":[{\"@type\":\"SearchAction\",\"target\":{\"@type\":\"EntryPoint\",\"urlTemplate\":\"https:\/\/abilica.com\/?s={search_term_string}\"},\"query-input\":{\"@type\":\"PropertyValueSpecification\",\"valueRequired\":true,\"valueName\":\"search_term_string\"}}],\"inLanguage\":\"sv-SE\"}]}<\/script>\n<!-- \/ Yoast SEO Premium plugin. -->","yoast_head_json":{"title":"Abilica WeightVest Flexi Abilica","robots":{"index":"index","follow":"follow","max-snippet":"max-snippet:-1","max-image-preview":"max-image-preview:large","max-video-preview":"max-video-preview:-1"},"canonical":"https:\/\/abilica.com\/sv\/styrka\/viktvast\/abilica-weightvest-flexi\/","og_locale":"sv_SE","og_type":"article","og_title":"Abilica WeightVest Flexi","og_description":"[vc_row][vc_column][vc_column_text css=&#8221;&#8221; el_class=&#8221;product-video&#8221;] Justerbar viktv\u00e4st fr\u00e5n 1,25 till 10 kg \u2013 perfekt f\u00f6r b\u00e5de styrketr\u00e4ning,...","og_url":"https:\/\/abilica.com\/sv\/styrka\/viktvast\/abilica-weightvest-flexi\/","og_site_name":"Abilica","article_publisher":"https:\/\/www.facebook.com\/abilicahometraining\/","article_modified_time":"2025-11-20T08:14:43+00:00","og_image":[{"width":1200,"height":1200,"url":"https:\/\/abilica.com\/wp-content\/uploads\/2023\/10\/3005210_1-1.jpg","type":"image\/jpeg"}],"twitter_card":"summary_large_image","twitter_misc":{"Ber\u00e4knad l\u00e4stid":"3 minuter"},"schema":{"@context":"https:\/\/schema.org","@graph":[{"@type":"WebPage","@id":"https:\/\/abilica.com\/sv\/styrka\/viktvast\/abilica-weightvest-flexi\/","url":"https:\/\/abilica.com\/sv\/styrka\/viktvast\/abilica-weightvest-flexi\/","name":"Abilica WeightVest Flexi Abilica","isPartOf":{"@id":"https:\/\/abilica.com\/#website"},"primaryImageOfPage":{"@id":"https:\/\/abilica.com\/sv\/styrka\/viktvast\/abilica-weightvest-flexi\/#primaryimage"},"image":{"@id":"https:\/\/abilica.com\/sv\/styrka\/viktvast\/abilica-weightvest-flexi\/#primaryimage"},"thumbnailUrl":"https:\/\/abilica.com\/wp-content\/uploads\/2023\/10\/3005210_1-1.jpg","datePublished":"2017-03-18T23:00:00+00:00","dateModified":"2025-11-20T08:14:43+00:00","breadcrumb":{"@id":"https:\/\/abilica.com\/sv\/styrka\/viktvast\/abilica-weightvest-flexi\/#breadcrumb"},"inLanguage":"sv-SE","potentialAction":[{"@type":"ReadAction","target":["https:\/\/abilica.com\/sv\/styrka\/viktvast\/abilica-weightvest-flexi\/"]}]},{"@type":"ImageObject","inLanguage":"sv-SE","@id":"https:\/\/abilica.com\/sv\/styrka\/viktvast\/abilica-weightvest-flexi\/#primaryimage","url":"https:\/\/abilica.com\/wp-content\/uploads\/2023\/10\/3005210_1-1.jpg","contentUrl":"https:\/\/abilica.com\/wp-content\/uploads\/2023\/10\/3005210_1-1.jpg","width":1200,"height":1200},{"@type":"BreadcrumbList","@id":"https:\/\/abilica.com\/sv\/styrka\/viktvast\/abilica-weightvest-flexi\/#breadcrumb","itemListElement":[{"@type":"ListItem","position":1,"name":"Hem","item":"https:\/\/abilica.com\/sv\/"},{"@type":"ListItem","position":2,"name":"Produkter","item":"https:\/\/abilica.com\/sv\/shop\/"},{"@type":"ListItem","position":3,"name":"Abilica WeightVest Flexi"}]},{"@type":"WebSite","@id":"https:\/\/abilica.com\/#website","url":"https:\/\/abilica.com\/","name":"Abilica","description":"Abilica Home Training","potentialAction":[{"@type":"SearchAction","target":{"@type":"EntryPoint","urlTemplate":"https:\/\/abilica.com\/?s={search_term_string}"},"query-input":{"@type":"PropertyValueSpecification","valueRequired":true,"valueName":"search_term_string"}}],"inLanguage":"sv-SE"}]}},"_links":{"self":[{"href":"https:\/\/abilica.com\/sv\/wp-json\/wp\/v2\/product\/2599","targetHints":{"allow":["GET"]}}],"collection":[{"href":"https:\/\/abilica.com\/sv\/wp-json\/wp\/v2\/product"}],"about":[{"href":"https:\/\/abilica.com\/sv\/wp-json\/wp\/v2\/types\/product"}],"wp:featuredmedia":[{"embeddable":true,"href":"https:\/\/abilica.com\/sv\/wp-json\/wp\/v2\/media\/70414"}],"wp:attachment":[{"href":"https:\/\/abilica.com\/sv\/wp-json\/wp\/v2\/media?parent=2599"}],"wp:term":[{"taxonomy":"product_brand","embeddable":true,"href":"https:\/\/abilica.com\/sv\/wp-json\/wp\/v2\/product_brand?post=2599"},{"taxonomy":"product_cat","embeddable":true,"href":"https:\/\/abilica.com\/sv\/wp-json\/wp\/v2\/product_cat?post=2599"},{"taxonomy":"product_tag","embeddable":true,"href":"https:\/\/abilica.com\/sv\/wp-json\/wp\/v2\/product_tag?post=2599"}],"curies":[{"name":"wp","href":"https:\/\/api.w.org\/{rel}","templated":true}]}}